{"id":632,"date":"2016-07-25T12:32:48","date_gmt":"2016-07-25T12:32:48","guid":{"rendered":"http:\/\/www.piensaenjulia.com.ar\/vet\/?page_id=632"},"modified":"2026-07-07T17:30:05","modified_gmt":"2026-07-07T20:30:05","slug":"requisitos","status":"publish","type":"page","link":"https:\/\/cmvsf2.org\/web\/requisitos\/","title":{"rendered":"C\u00f3mo tramitar la matriculaci\u00f3n"},"content":{"rendered":"<div class=\"wpb-content-wrapper\"><p>[vc_row el_class=\u00bbdeco\u00bb css=\u00bb.vc_custom_1592251365021{margin-bottom: 0px !important;padding-bottom: 0px !important;}\u00bb][vc_column][vc_custom_heading text=\u00bbIMPORTANTE: Se debe solicitar turno previo para realizar el tr\u00e1mite de Matriculaci\u00f3n\u00bb font_container=\u00bbtag:h1|font_size:12|text_align:left\u00bb css=\u00bb\u00bb el_class=\u00bbtitulos\u00bb][vc_column_text css=\u00bb\u00bb]Las v\u00edas de contacto disponibles para solicitarlo son:<\/p>\n<ul>\n<li><strong>Whatsapp:<\/strong>\u00a0341 5707957<\/li>\n<li><strong>Mail: <\/strong>col.veterinariostafe2@gmail.com<\/li>\n<\/ul>\n<div class=\"cl-header__element cl-header__element--icon_text \">\n<div class=\"cl-header__element-container cl-header__icontext \"><\/div>\n<\/div>\n<p>[\/vc_column_text][vc_custom_heading text=\u00bbDocumentos para la inscripci\u00f3n:\u00bb font_container=\u00bbtag:h1|text_align:left\u00bb css=\u00bb\u00bb el_class=\u00bbtitulos\u00bb][\/vc_column][\/vc_row][vc_row][vc_column][vc_column_text css=\u00bb\u00bb]La documentaci\u00f3n deber\u00e1 anticiparse por los medios por los cu\u00e1les solicit\u00f3 su turno de colegiaci\u00f3n:<\/p>\n<ul>\n<li><strong>T\u00edtulo\u00a0<\/strong>(original y copia) o certificado de t\u00edtulo en tr\u00e1mite si a\u00fan no tuviera diploma.<\/li>\n<li><strong>DNI\u00a0<\/strong>(original y copia)<\/li>\n<li><strong>Foto <\/strong>(que pueda ser adaptada como foto carnet)<\/li>\n<li><strong>Declaraci\u00f3n jurada <\/strong>(deber\u00e1 completar al menos los datos personales al enviar la documentaci\u00f3n digital)<\/li>\n<\/ul>\n<p>[\/vc_column_text][\/vc_column][\/vc_row][vc_row el_class=\u00bbdeco\u00bb css=\u00bb.vc_custom_1592251365021{margin-bottom: 0px !important;padding-bottom: 0px !important;}\u00bb][vc_column][vc_custom_heading text=\u00bbValor de la inscripci\u00f3n\u00bb font_container=\u00bbtag:h1|text_align:left\u00bb el_class=\u00bbtitulos\u00bb][\/vc_column][\/vc_row][vc_row][vc_column][vc_column_text css=\u00bb\u00bb]<span style=\"color: #800080;\">\u2022<strong> Inscripci\u00f3n para mayores de 35 a\u00f1os y\/o m\u00e1s de 5 a\u00f1os de recibidos<\/strong><\/span><\/p>\n<p>Valor: 58 GAVET INSTITUCIONALES (Incluye inscripci\u00f3n de matr\u00edcula y FOSMEVE)<\/p>\n<p><em>Condiciones:<\/em><\/p>\n<p>&#8211; Se le otorgar\u00e1n 6 meses de gracia, luego de los cuales se le cobrar\u00e1 matr\u00edcula plena.<\/p>\n<p>&#8211; Desde el momento de la inscripci\u00f3n, contar\u00e1 con los beneficios del FOSMEVE y Seguro por Fallecimiento (este \u00faltimo, se abonar\u00e1 desde el d\u00eda de la colegiaci\u00f3n \/ Aporte de 4 GAVET INTITUCIONALES\/mensuales)<\/p>\n<p><span style=\"color: #800080;\">\u2022 <strong>Inscripci\u00f3n PLAN JOVEN para matriculados dentro de los primeros 5 a\u00f1os de graduado y hasta los 34 a\u00f1os, 11 meses y 29 d\u00edas de edad como m\u00e1ximo<\/strong><\/span><\/p>\n<p>Valor : 70 GAVET INSTITUCIONALES<\/p>\n<p><em>Condiciones:<\/em><\/p>\n<p>&#8211; Abonado el tr\u00e1mite de inscripci\u00f3n hasta en 3 cuotas fijas, se le bonificar\u00e1n el pago de los primeros 12 meses de matr\u00edcula pura \/ Desde el mes 13 y hasta el 24 abonar\u00e1 el 50% de la matr\u00edcula pura.<\/p>\n<p>&#8211; El pago del aporte de 3 GAVET INTITUCIONALES\/mensuales al Fondo de Solidaridad Medico Veterinaria (FOSMEVE) &#8211; ser\u00e1 opcional los dos primeros a\u00f1os, no pudiendo gozar de estos beneficios si opta por la exclusi\u00f3n (Completar\u00e1 una solicitud de adhesi\u00f3n al r\u00e9gimen si decidiera incorporarse al momento de la inscripci\u00f3n). Ser\u00e1 obligatorio el pago de estos dos aportes a partir del tercer (3\u00b0) a\u00f1o de matriculado.<\/p>\n<p>&#8211; El seguro de fallecimiento se abonar\u00e1 desde el d\u00eda de la colegiaci\u00f3n. Aporte de 4 GAVET INTITUCIONALES\/mensuales<\/p>\n<p><span style=\"color: #800080;\">\u2022 <strong>REMATRICULACI\u00d3N<\/strong><\/span><\/p>\n<p>Valor : 40 GAVET INSTITUCIONALES<\/p>\n<p><em>Condiciones:<\/em><\/p>\n<p>&#8211; Corresponder\u00e1 abonar CUOTA, FOSMEVE y SEGURO POR FALLECIMIENTO emitidos en mes siguiente de la reinscripci\u00f3n.<\/p>\n<p>&#8211; Desde el momento de la reinscripci\u00f3n, contar\u00e1 con los beneficios del FOSMEVE y Seguro por Fallecimiento.<\/p>\n<p><span style=\"color: #800080;\"><strong>Para tener en cuenta en todos los casos:<\/strong><\/span><\/p>\n<p>\u2022 El seguro de fallecimiento tiene una carencia de 3 meses desde la inscripci\u00f3n de matr\u00edcula (excepto en caso de fallecimiento por suicidio que se extiende a 12 meses).<\/p>\n<p>\u2022 En el caso de aquellos profesionales que hayan estado matriculados en otros Colegios o Consejos del pa\u00eds, deber\u00e1n presentan constancia de baja, libre deuda y no contar con sanciones \u00e9ticas al momento del tr\u00e1mite. \/ Si quisiera acceder a una doble colegiaci\u00f3n, deber\u00e1 contar con certificado de matr\u00edcula libre de deudas y sanciones \u00e9ticas.<\/p>\n<p>EN AMBOS CASOS, PLAN JOVEN O MAYORES DE 35 A\u00d1OS Y\/O CON M\u00c1S DE 5 A\u00d1OS DE CULMINADA LA CARRERA, SE PIERDEN LOS DECUENTOS EN CONCEPTO DE MATR\u00cdCULA PURA.[\/vc_column_text][vc_custom_heading text=\u00bbContar\u00e1 con los siguientes beneficios desde su inscripci\u00f3n:\u00bb css=\u00bb\u00bb][vc_column_text css=\u00bb\u00bb]<\/p>\n<ul>\n<li>Gozar\u00e1 durante los dos primeros a\u00f1os de matriculado\/a de los mismos beneficios de descuento en el pago de las jornadas de formaci\u00f3n brindadas por el colegio que el del colegiado al d\u00eda con cuota de matriculaci\u00f3n.<\/li>\n<li>Asesoramiento contable\/impositivo sin cargo.<\/li>\n<li>Asesoramiento legal sin cargo.<\/li>\n<li>Acceso a ayudas econ\u00f3micas seg\u00fan reglamentaci\u00f3n vigente.<\/li>\n<li>En caso de inscripci\u00f3n de establecimientos veterinarios, se otorgar\u00e1n hasta tres (3) cuotas para el pago del canon correspondiente a las mismas.<\/li>\n<\/ul>\n<p><span style=\"color: #800080;\"><strong>IMPORTANTE:<\/strong>\u00a0<\/span>Al momento de la inscripci\u00f3n es obligatorio determinar los beneficiarios del seguro de fallecimiento (apellido y nombre completo y DNI)[\/vc_column_text][\/vc_column][\/vc_row][vc_row el_class=\u00bbdeco\u00bb][vc_column][vc_custom_heading text=\u00bbBeneficio por el pago anual de la matr\u00edcula en forma adelantada\u00bb font_container=\u00bbtag:h1|text_align:left\u00bb el_class=\u00bbtitulos\u00bb][\/vc_column][\/vc_row][vc_row css=\u00bb.vc_custom_1647868132454{margin-bottom: 0px !important;padding-bottom: 0px !important;}\u00bb][vc_column][vc_column_text css=\u00bb\u00bb]La Mesa Directiva del CMVSF2 aprob\u00f3 la Resoluci\u00f3n N\u00ba 5436\/22, con el objetivo de \u00a0modificar la Resoluci\u00f3n N\u00b0 5053\/17 adecu\u00e1ndola al cobro mensual de matr\u00edcula, dispuesto a partir del 01-01-2022.<\/p>\n<p>Considerando que es sumamente positiva toda medida tendiente a brindar una mayor comodidad al matriculado; se estableci\u00f3:<\/p>\n<p>1.-\u00a0Permitir el pago de los derechos anuales de matr\u00edcula establecidos, en un solo pago total al vencimiento del 1\u00b0 mes con el mismo valor para el total de los 12 meses.<\/p>\n<p>2.-Para acceder a esta forma de pago el matriculado deber\u00e1 encontrarse al d\u00eda con sus obligaciones para con la Instituci\u00f3n (no debe tener deuda pendiente con la Instituci\u00f3n por ning\u00fan concepto).<\/p>\n<p>3.-\u00a0El matriculado que opte por esta modalidad tendr\u00e1 una bonificaci\u00f3n correspondiente al pago de 1 (una) cuota o sea un mes de matr\u00edcula.[\/vc_column_text][\/vc_column][\/vc_row]<\/p>\n<\/div>","protected":false},"excerpt":{"rendered":"<p>[vc_row el_class=\u00bbdeco\u00bb css=\u00bb.vc_custom_1592251365021{margin-bottom: 0px !important;padding-bottom: 0px !important;}\u00bb][vc_column][vc_custom_heading text=\u00bbIMPORTANTE: Se debe solicitar turno previo para realizar el tr\u00e1mite de Matriculaci\u00f3n\u00bb font_container=\u00bbtag:h1|font_size:12|text_align:left\u00bb css=\u00bb\u00bb el_class=\u00bbtitulos\u00bb][vc_column_text css=\u00bb\u00bb]Las v\u00edas de contacto disponibles para solicitarlo son: Whatsapp:\u00a0341 5707957 Mail: col.veterinariostafe2@gmail.com [\/vc_column_text][vc_custom_heading text=\u00bbDocumentos para la inscripci\u00f3n:\u00bb font_container=\u00bbtag:h1|text_align:left\u00bb css=\u00bb\u00bb el_class=\u00bbtitulos\u00bb][\/vc_column][\/vc_row][vc_row][vc_column][vc_column_text css=\u00bb\u00bb]La documentaci\u00f3n deber\u00e1 anticiparse por los medios por los cu\u00e1les solicit\u00f3 su turno de colegiaci\u00f3n: T\u00edtulo\u00a0(original y copia) o certificado de t\u00edtulo [&hellip;]<\/p>\n","protected":false},"author":3,"featured_media":0,"parent":0,"menu_order":0,"comment_status":"closed","ping_status":"closed","template":"","meta":{"_acf_changed":false,"footnotes":""},"categories":[1],"tags":[],"class_list":["post-632","page","type-page","status-publish","hentry","category-sin-categoria"],"acf":[],"yoast_head":"<!-- This site is optimized with the Yoast SEO plugin v28.2 - https:\/\/yoast.com\/product\/yoast-seo-wordpress\/ -->\n<title>C\u00f3mo tramitar la matriculaci\u00f3n - Colegio De Veterinarios De Santa Fe 2da. Circunscripci\u00f3n<\/title>\n<meta name=\"description\" content=\"Las v\u00edas de contacto disponibles para solicitarlo son: Whatsapp:\u00a0341 5707957 Mail: col.veterinariostafe2@gmail.com La documentaci\u00f3n deber\u00e1 anticiparse por\" \/>\n<meta name=\"robots\" content=\"index, follow, max-snippet:-1, max-image-preview:large, max-video-preview:-1\" \/>\n<link rel=\"canonical\" href=\"https:\/\/cmvsf2.org\/web\/requisitos\/\" \/>\n<meta property=\"og:locale\" content=\"es_ES\" \/>\n<meta property=\"og:type\" content=\"article\" \/>\n<meta property=\"og:title\" content=\"C\u00f3mo tramitar la matriculaci\u00f3n - Colegio De Veterinarios De Santa Fe 2da. Circunscripci\u00f3n\" \/>\n<meta property=\"og:description\" content=\"Las v\u00edas de contacto disponibles para solicitarlo son: Whatsapp:\u00a0341 5707957 Mail: col.veterinariostafe2@gmail.com La documentaci\u00f3n deber\u00e1 anticiparse por\" \/>\n<meta property=\"og:url\" content=\"https:\/\/cmvsf2.org\/web\/requisitos\/\" \/>\n<meta property=\"og:site_name\" content=\"Colegio De Veterinarios De Santa Fe 2da. Circunscripci\u00f3n\" \/>\n<meta property=\"article:modified_time\" content=\"2026-07-07T20:30:05+00:00\" \/>\n<meta property=\"og:image\" content=\"https:\/\/cmvsf2.org\/web\/wp-content\/uploads\/2020\/09\/logo.png\" \/>\n\t<meta property=\"og:image:width\" content=\"441\" \/>\n\t<meta property=\"og:image:height\" content=\"100\" \/>\n\t<meta property=\"og:image:type\" content=\"image\/png\" \/>\n<meta name=\"twitter:card\" content=\"summary_large_image\" \/>\n<meta name=\"twitter:label1\" content=\"Tiempo de lectura\" \/>\n\t<meta name=\"twitter:data1\" content=\"4 minutos\" \/>\n<script type=\"application\/ld+json\" class=\"yoast-schema-graph\">{\"@context\":\"https:\\\/\\\/schema.org\",\"@graph\":[{\"@type\":\"WebPage\",\"@id\":\"https:\\\/\\\/cmvsf2.org\\\/web\\\/requisitos\\\/\",\"url\":\"https:\\\/\\\/cmvsf2.org\\\/web\\\/requisitos\\\/\",\"name\":\"C\u00f3mo tramitar la matriculaci\u00f3n - Colegio De Veterinarios De Santa Fe 2da. Circunscripci\u00f3n\",\"isPartOf\":{\"@id\":\"https:\\\/\\\/cmvsf2.org\\\/web\\\/#website\"},\"datePublished\":\"2016-07-25T12:32:48+00:00\",\"dateModified\":\"2026-07-07T20:30:05+00:00\",\"description\":\"Las v\u00edas de contacto disponibles para solicitarlo son: Whatsapp:\u00a0341 5707957 Mail: col.veterinariostafe2@gmail.com La documentaci\u00f3n deber\u00e1 anticiparse por\",\"breadcrumb\":{\"@id\":\"https:\\\/\\\/cmvsf2.org\\\/web\\\/requisitos\\\/#breadcrumb\"},\"inLanguage\":\"es\",\"potentialAction\":[{\"@type\":\"ReadAction\",\"target\":[\"https:\\\/\\\/cmvsf2.org\\\/web\\\/requisitos\\\/\"]}]},{\"@type\":\"BreadcrumbList\",\"@id\":\"https:\\\/\\\/cmvsf2.org\\\/web\\\/requisitos\\\/#breadcrumb\",\"itemListElement\":[{\"@type\":\"ListItem\",\"position\":1,\"name\":\"Portada\",\"item\":\"https:\\\/\\\/cmvsf2.org\\\/web\\\/\"},{\"@type\":\"ListItem\",\"position\":2,\"name\":\"C\u00f3mo tramitar la matriculaci\u00f3n\"}]},{\"@type\":\"WebSite\",\"@id\":\"https:\\\/\\\/cmvsf2.org\\\/web\\\/#website\",\"url\":\"https:\\\/\\\/cmvsf2.org\\\/web\\\/\",\"name\":\"Colegio De Veterinarios De Santa Fe 2da. Circunscripci\u00f3n\",\"description\":\"Sitio institucional del Colegio de M\u00e9dicos Veterinario de Santa Fe 2da. Circunscripci\u00f3n\",\"publisher\":{\"@id\":\"https:\\\/\\\/cmvsf2.org\\\/web\\\/#organization\"},\"potentialAction\":[{\"@type\":\"SearchAction\",\"target\":{\"@type\":\"EntryPoint\",\"urlTemplate\":\"https:\\\/\\\/cmvsf2.org\\\/web\\\/?s={search_term_string}\"},\"query-input\":{\"@type\":\"PropertyValueSpecification\",\"valueRequired\":true,\"valueName\":\"search_term_string\"}}],\"inLanguage\":\"es\"},{\"@type\":\"Organization\",\"@id\":\"https:\\\/\\\/cmvsf2.org\\\/web\\\/#organization\",\"name\":\"Colegio De Veterinarios De Santa Fe 2da. Circunscripci\u00f3n\",\"url\":\"https:\\\/\\\/cmvsf2.org\\\/web\\\/\",\"logo\":{\"@type\":\"ImageObject\",\"inLanguage\":\"es\",\"@id\":\"https:\\\/\\\/cmvsf2.org\\\/web\\\/#\\\/schema\\\/logo\\\/image\\\/\",\"url\":\"http:\\\/\\\/cmvsf2.org\\\/web\\\/wp-content\\\/uploads\\\/2020\\\/03\\\/vector-logo-02.png\",\"contentUrl\":\"http:\\\/\\\/cmvsf2.org\\\/web\\\/wp-content\\\/uploads\\\/2020\\\/03\\\/vector-logo-02.png\",\"width\":2750,\"height\":642,\"caption\":\"Colegio De Veterinarios De Santa Fe 2da. Circunscripci\u00f3n\"},\"image\":{\"@id\":\"https:\\\/\\\/cmvsf2.org\\\/web\\\/#\\\/schema\\\/logo\\\/image\\\/\"}}]}<\/script>\n<!-- \/ Yoast SEO plugin. -->","yoast_head_json":{"title":"C\u00f3mo tramitar la matriculaci\u00f3n - Colegio De Veterinarios De Santa Fe 2da. Circunscripci\u00f3n","description":"Las v\u00edas de contacto disponibles para solicitarlo son: Whatsapp:\u00a0341 5707957 Mail: col.veterinariostafe2@gmail.com La documentaci\u00f3n deber\u00e1 anticiparse por","robots":{"index":"index","follow":"follow","max-snippet":"max-snippet:-1","max-image-preview":"max-image-preview:large","max-video-preview":"max-video-preview:-1"},"canonical":"https:\/\/cmvsf2.org\/web\/requisitos\/","og_locale":"es_ES","og_type":"article","og_title":"C\u00f3mo tramitar la matriculaci\u00f3n - Colegio De Veterinarios De Santa Fe 2da. Circunscripci\u00f3n","og_description":"Las v\u00edas de contacto disponibles para solicitarlo son: Whatsapp:\u00a0341 5707957 Mail: col.veterinariostafe2@gmail.com La documentaci\u00f3n deber\u00e1 anticiparse por","og_url":"https:\/\/cmvsf2.org\/web\/requisitos\/","og_site_name":"Colegio De Veterinarios De Santa Fe 2da. Circunscripci\u00f3n","article_modified_time":"2026-07-07T20:30:05+00:00","og_image":[{"width":441,"height":100,"url":"https:\/\/cmvsf2.org\/web\/wp-content\/uploads\/2020\/09\/logo.png","type":"image\/png"}],"twitter_card":"summary_large_image","twitter_misc":{"Tiempo de lectura":"4 minutos"},"schema":{"@context":"https:\/\/schema.org","@graph":[{"@type":"WebPage","@id":"https:\/\/cmvsf2.org\/web\/requisitos\/","url":"https:\/\/cmvsf2.org\/web\/requisitos\/","name":"C\u00f3mo tramitar la matriculaci\u00f3n - Colegio De Veterinarios De Santa Fe 2da. Circunscripci\u00f3n","isPartOf":{"@id":"https:\/\/cmvsf2.org\/web\/#website"},"datePublished":"2016-07-25T12:32:48+00:00","dateModified":"2026-07-07T20:30:05+00:00","description":"Las v\u00edas de contacto disponibles para solicitarlo son: Whatsapp:\u00a0341 5707957 Mail: col.veterinariostafe2@gmail.com La documentaci\u00f3n deber\u00e1 anticiparse por","breadcrumb":{"@id":"https:\/\/cmvsf2.org\/web\/requisitos\/#breadcrumb"},"inLanguage":"es","potentialAction":[{"@type":"ReadAction","target":["https:\/\/cmvsf2.org\/web\/requisitos\/"]}]},{"@type":"BreadcrumbList","@id":"https:\/\/cmvsf2.org\/web\/requisitos\/#breadcrumb","itemListElement":[{"@type":"ListItem","position":1,"name":"Portada","item":"https:\/\/cmvsf2.org\/web\/"},{"@type":"ListItem","position":2,"name":"C\u00f3mo tramitar la matriculaci\u00f3n"}]},{"@type":"WebSite","@id":"https:\/\/cmvsf2.org\/web\/#website","url":"https:\/\/cmvsf2.org\/web\/","name":"Colegio De Veterinarios De Santa Fe 2da. Circunscripci\u00f3n","description":"Sitio institucional del Colegio de M\u00e9dicos Veterinario de Santa Fe 2da. Circunscripci\u00f3n","publisher":{"@id":"https:\/\/cmvsf2.org\/web\/#organization"},"potentialAction":[{"@type":"SearchAction","target":{"@type":"EntryPoint","urlTemplate":"https:\/\/cmvsf2.org\/web\/?s={search_term_string}"},"query-input":{"@type":"PropertyValueSpecification","valueRequired":true,"valueName":"search_term_string"}}],"inLanguage":"es"},{"@type":"Organization","@id":"https:\/\/cmvsf2.org\/web\/#organization","name":"Colegio De Veterinarios De Santa Fe 2da. Circunscripci\u00f3n","url":"https:\/\/cmvsf2.org\/web\/","logo":{"@type":"ImageObject","inLanguage":"es","@id":"https:\/\/cmvsf2.org\/web\/#\/schema\/logo\/image\/","url":"http:\/\/cmvsf2.org\/web\/wp-content\/uploads\/2020\/03\/vector-logo-02.png","contentUrl":"http:\/\/cmvsf2.org\/web\/wp-content\/uploads\/2020\/03\/vector-logo-02.png","width":2750,"height":642,"caption":"Colegio De Veterinarios De Santa Fe 2da. Circunscripci\u00f3n"},"image":{"@id":"https:\/\/cmvsf2.org\/web\/#\/schema\/logo\/image\/"}}]}},"_links":{"self":[{"href":"https:\/\/cmvsf2.org\/web\/wp-json\/wp\/v2\/pages\/632","targetHints":{"allow":["GET"]}}],"collection":[{"href":"https:\/\/cmvsf2.org\/web\/wp-json\/wp\/v2\/pages"}],"about":[{"href":"https:\/\/cmvsf2.org\/web\/wp-json\/wp\/v2\/types\/page"}],"author":[{"embeddable":true,"href":"https:\/\/cmvsf2.org\/web\/wp-json\/wp\/v2\/users\/3"}],"replies":[{"embeddable":true,"href":"https:\/\/cmvsf2.org\/web\/wp-json\/wp\/v2\/comments?post=632"}],"version-history":[{"count":46,"href":"https:\/\/cmvsf2.org\/web\/wp-json\/wp\/v2\/pages\/632\/revisions"}],"predecessor-version":[{"id":35537,"href":"https:\/\/cmvsf2.org\/web\/wp-json\/wp\/v2\/pages\/632\/revisions\/35537"}],"wp:attachment":[{"href":"https:\/\/cmvsf2.org\/web\/wp-json\/wp\/v2\/media?parent=632"}],"wp:term":[{"taxonomy":"category","embeddable":true,"href":"https:\/\/cmvsf2.org\/web\/wp-json\/wp\/v2\/categories?post=632"},{"taxonomy":"post_tag","embeddable":true,"href":"https:\/\/cmvsf2.org\/web\/wp-json\/wp\/v2\/tags?post=632"}],"curies":[{"name":"wp","href":"https:\/\/api.w.org\/{rel}","templated":true}]}}