{"id":31605,"date":"2021-03-29T11:51:41","date_gmt":"2021-03-29T11:51:41","guid":{"rendered":"http:\/\/cmvsf2.org\/web\/?page_id=31605"},"modified":"2026-08-03T20:57:31","modified_gmt":"2026-08-03T23:57:31","slug":"documentos-para-tramitar-la-especialidad","status":"publish","type":"page","link":"https:\/\/cmvsf2.org\/web\/documentos-para-tramitar-la-especialidad\/","title":{"rendered":"Documentos para tramitar la Especialidad"},"content":{"rendered":"<div class=\"wpb-content-wrapper\"><p>[vc_row disable_element=\u00bbyes\u00bb el_class=\u00bbdeco\u00bb css=\u00bb.vc_custom_1601388732043{margin-bottom: 30px !important;padding-bottom: 0px !important;}\u00bb][vc_column][vc_custom_heading text=\u00bbLos estamos esperando para reconocer su competencia\u00bb font_container=\u00bbtag:h1|text_align:left\u00bb el_class=\u00bbtitulos\u00bb][\/vc_column][\/vc_row][vc_row equal_height=\u00bbyes\u00bb content_placement=\u00bbtop\u00bb disable_element=\u00bbyes\u00bb css=\u00bb.vc_custom_1601388688978{margin-top: -30px !important;}\u00bb][vc_column css=\u00bb.vc_custom_1601387470845{border-top-width: 1px !important;border-right-width: 1px !important;border-bottom-width: 1px !important;border-left-width: 1px !important;border-left-color: #e2e2e2 !important;border-right-color: #e2e2e2 !important;border-top-color: #e2e2e2 !important;border-bottom-color: #e2e2e2 !important;}\u00bb el_class=\u00bbbordes\u00bb][vc_column_text]<\/p>\n<h2>01<\/h2>\n<p><strong>Objetivos<\/strong>[\/vc_column_text][vc_separator el_width=\u00bb80px\u00bb color=\u00bbcustom\u00bb align=\u00bbalign_left\u00bb border_width=\u00bb7&#8243; css_animation=\u00bbslideInLeft\u00bb css=\u00bb.vc_custom_1592427353790{margin-top: -20px !important;margin-bottom: 20px !important;}\u00bb accent_color=\u00bb#3d034e\u00bb][vc_column_text]<\/p>\n<ul>\n<li>Reconocer la capacitaci\u00f3n adquirida por del m\u00e9dico veterinario en la pr\u00e1ctica profesional, ya sea por capacitaci\u00f3n como por idoneidad.<\/li>\n<li>Contribuir al desarrollo de los conocimientos espec\u00edficos de un \u00e1rea en particular.<\/li>\n<li>Promover una mejor calidad en las intervenciones veterinarias.<\/li>\n<\/ul>\n<p>[\/vc_column_text][\/vc_column][\/vc_row][vc_row el_class=\u00bbdeco\u00bb css=\u00bb.vc_custom_1592930932888{margin-bottom: 30px !important;padding-bottom: 0px !important;}\u00bb][vc_column][vc_custom_heading text=\u00bbDocumentos\u00bb font_container=\u00bbtag:h1|text_align:left\u00bb el_class=\u00bbtitulos\u00bb][\/vc_column][\/vc_row][vc_row][vc_column width=\u00bb1\/2&#8243;]<div class=\" ubtn-ctn-center \"><a class=\"ubtn-link ult-adjust-bottom-margin ubtn-center ubtn-block \" href=\"https:\/\/cmvsf2.org\/web\/wp-content\/uploads\/2026\/08\/SOLICITUD-DE-INSCRIPCION-ESPECIALIDADES.pdf\" title=\"Solicitud de Inscripci\u00f3n\" target=\"_blank\" rel=\"noopener\" ><button type=\"button\" id=\"ubtn-6209\"  class=\"ubtn ult-adjust-bottom-margin ult-responsive ubtn-block ubtn-fade-bg  none  ubtn-sep-icon ubtn-sep-icon-at-left  ubtn-center   tooltip-6a97bb591b580 ubtn-block\"  data-hover=\"\" data-border-color=\"\" data-bg=\"#432f73\" data-hover-bg=\"#370d72\" data-border-hover=\"\" data-shadow-hover=\"\" data-shadow-click=\"none\" data-shadow=\"\" data-shd-shadow=\"\"  data-ultimate-target='#ubtn-6209'  data-responsive-json-new='{\"font-size\":\"desktop:15px;\",\"line-height\":\"\"}'  style=\"font-family:&#039;Montserrat&#039;;font-weight:500;border:none;background: #432f73;color: #ffffff;\"><span class=\"ubtn-data ubtn-icon\"><i class=\"Defaults-file-pdf-o\" style=\"font-size:32px;color:#ffffff;\"><\/i><\/span><span class=\"ubtn-hover\" style=\"background-color:#370d72\"><\/span><span class=\"ubtn-data ubtn-text \" >Solicitud de Inscripci\u00f3n<\/span><\/button><\/a><\/div><div class=\" ubtn-ctn-center \"><a class=\"ubtn-link ult-adjust-bottom-margin ubtn-center ubtn-block \" href=\"https:\/\/cmvsf2.org\/web\/wp-content\/uploads\/2026\/08\/RES.-No-127-2026-SE-MODIFICA-EL-REGLAMENTO-DE-ESPECIALIDADES-1.pdf\" title=\"Resoluci\u00f3n CD N\u00ba 119\/25 - Reglamento Especialidades\" target=\"_blank\" rel=\"noopener\" ><button type=\"button\" id=\"ubtn-3305\"  class=\"ubtn ult-adjust-bottom-margin ult-responsive ubtn-block ubtn-fade-bg  none  ubtn-sep-icon ubtn-sep-icon-at-left  ubtn-center   tooltip-6a97bb591b6be ubtn-block\"  data-hover=\"\" data-border-color=\"\" data-bg=\"#432f73\" data-hover-bg=\"#370d72\" data-border-hover=\"\" data-shadow-hover=\"\" data-shadow-click=\"none\" data-shadow=\"\" data-shd-shadow=\"\"  data-ultimate-target='#ubtn-3305'  data-responsive-json-new='{\"font-size\":\"desktop:15px;\",\"line-height\":\"\"}'  style=\"font-family:&#039;Montserrat&#039;;font-weight:500;border:none;background: #432f73;color: #ffffff;\"><span class=\"ubtn-data ubtn-icon\"><i class=\"Defaults-file-pdf-o\" style=\"font-size:32px;color:#ffffff;\"><\/i><\/span><span class=\"ubtn-hover\" style=\"background-color:#370d72\"><\/span><span class=\"ubtn-data ubtn-text \" >Resoluci\u00f3n CD N\u00ba 127\/26 - Se modifica el Reglamento de Especialidades<\/span><\/button><\/a><\/div>[\/vc_column][vc_column width=\u00bb1\/2&#8243;]<div class=\" ubtn-ctn-center \"><a class=\"ubtn-link ult-adjust-bottom-margin ubtn-center ubtn-block \" href=\"https:\/\/cmvsf2.org\/web\/wp-content\/uploads\/2026\/08\/MODELO-CURRICULUM-VITAE-PARA-SOLICITAR-TITULO-DE-ESPECIALISTA-1.pdf\" title=\"Modelo de CV\" target=\"_blank\" rel=\"noopener\" ><button type=\"button\" id=\"ubtn-5747\"  class=\"ubtn ult-adjust-bottom-margin ult-responsive ubtn-block ubtn-fade-bg  none  ubtn-sep-icon ubtn-sep-icon-at-left  ubtn-center   tooltip-6a97bb591b73c ubtn-block\"  data-hover=\"\" data-border-color=\"\" data-bg=\"#432f73\" data-hover-bg=\"#370d72\" data-border-hover=\"\" data-shadow-hover=\"\" data-shadow-click=\"none\" data-shadow=\"\" data-shd-shadow=\"\"  data-ultimate-target='#ubtn-5747'  data-responsive-json-new='{\"font-size\":\"desktop:15px;\",\"line-height\":\"\"}'  style=\"font-family:&#039;Montserrat&#039;;font-weight:500;border:none;background: #432f73;color: #ffffff;\"><span class=\"ubtn-data ubtn-icon\"><i class=\"Defaults-file-pdf-o\" style=\"font-size:32px;color:#ffffff;\"><\/i><\/span><span class=\"ubtn-hover\" style=\"background-color:#370d72\"><\/span><span class=\"ubtn-data ubtn-text \" >Modelo de CV<\/span><\/button><\/a><\/div><div class=\" ubtn-ctn-center \"><a class=\"ubtn-link ult-adjust-bottom-margin ubtn-center ubtn-block \" href=\"https:\/\/cmvsf2.org\/web\/wp-content\/uploads\/2026\/08\/MODELO-AVAL-ESPECIALIDADES-1.pdf\" title=\"Avales\" target=\"_blank\" rel=\"noopener\" ><button type=\"button\" id=\"ubtn-7255\"  class=\"ubtn ult-adjust-bottom-margin ult-responsive ubtn-block ubtn-fade-bg  none  ubtn-sep-icon ubtn-sep-icon-at-left  ubtn-center   tooltip-6a97bb591b7ad ubtn-block\"  data-hover=\"\" data-border-color=\"\" data-bg=\"#432f73\" data-hover-bg=\"#370d72\" data-border-hover=\"\" data-shadow-hover=\"\" data-shadow-click=\"none\" data-shadow=\"\" data-shd-shadow=\"\"  data-ultimate-target='#ubtn-7255'  data-responsive-json-new='{\"font-size\":\"desktop:15px;\",\"line-height\":\"\"}'  style=\"font-family:&#039;Montserrat&#039;;font-weight:500;border:none;background: #432f73;color: #ffffff;\"><span class=\"ubtn-data ubtn-icon\"><i class=\"Defaults-file-pdf-o\" style=\"font-size:32px;color:#ffffff;\"><\/i><\/span><span class=\"ubtn-hover\" style=\"background-color:#370d72\"><\/span><span class=\"ubtn-data ubtn-text \" >Modelo Aval Especialidades<\/span><\/button><\/a><\/div>[\/vc_column][vc_column]<div class=\" ubtn-ctn-center \"><a class=\"ubtn-link ult-adjust-bottom-margin ubtn-center ubtn-block \" href=\"https:\/\/cmvsf2.org\/web\/wp-content\/uploads\/2025\/09\/especialistas-en-sistema.pdf\" target=\"_blank\" rel=\"noopener\" ><button type=\"button\" id=\"ubtn-7140\"  class=\"ubtn ult-adjust-bottom-margin ult-responsive ubtn-block ubtn-no-hover-bg  none  ubtn-sep-icon ubtn-sep-icon-at-left  ubtn-center   tooltip-6a97bb591b81e ubtn-block\"  data-hover=\"\" data-border-color=\"\" data-bg=\"#d7cce2\" data-hover-bg=\"\" data-border-hover=\"\" data-shadow-hover=\"\" data-shadow-click=\"none\" data-shadow=\"\" data-shd-shadow=\"\"  data-ultimate-target='#ubtn-7140'  data-responsive-json-new='{\"font-size\":\"desktop:15px;\",\"line-height\":\"\"}'  style=\"font-family:&#039;Montserrat&#039;;font-weight:normal;border:none;background: #d7cce2;color: #000000;\"><span class=\"ubtn-data ubtn-icon\"><i class=\"Defaults-file-pdf-o\" style=\"font-size:32px;color:;\"><\/i><\/span><span class=\"ubtn-hover\" style=\"background-color:\"><\/span><span class=\"ubtn-data ubtn-text \" >Listado de especialistas - Especialidades otorgadas por el CMVSF<\/span><\/button><\/a><\/div>[\/vc_column][\/vc_row]<\/p>\n<\/div>","protected":false},"excerpt":{"rendered":"<p>[vc_row disable_element=\u00bbyes\u00bb el_class=\u00bbdeco\u00bb css=\u00bb.vc_custom_1601388732043{margin-bottom: 30px !important;padding-bottom: 0px !important;}\u00bb][vc_column][vc_custom_heading text=\u00bbLos estamos esperando para reconocer su competencia\u00bb font_container=\u00bbtag:h1|text_align:left\u00bb el_class=\u00bbtitulos\u00bb][\/vc_column][\/vc_row][vc_row equal_height=\u00bbyes\u00bb content_placement=\u00bbtop\u00bb disable_element=\u00bbyes\u00bb css=\u00bb.vc_custom_1601388688978{margin-top: -30px !important;}\u00bb][vc_column css=\u00bb.vc_custom_1601387470845{border-top-width: 1px !important;border-right-width: 1px !important;border-bottom-width: 1px !important;border-left-width: 1px !important;border-left-color: #e2e2e2 !important;border-right-color: #e2e2e2 !important;border-top-color: #e2e2e2 !important;border-bottom-color: #e2e2e2 !important;}\u00bb el_class=\u00bbbordes\u00bb][vc_column_text] 01 Objetivos[\/vc_column_text][vc_separator el_width=\u00bb80px\u00bb color=\u00bbcustom\u00bb align=\u00bbalign_left\u00bb border_width=\u00bb7&#8243; css_animation=\u00bbslideInLeft\u00bb css=\u00bb.vc_custom_1592427353790{margin-top: -20px !important;margin-bottom: 20px !important;}\u00bb accent_color=\u00bb#3d034e\u00bb][vc_column_text] Reconocer la capacitaci\u00f3n adquirida por del m\u00e9dico veterinario en la [&hellip;]<\/p>\n","protected":false},"author":3,"featured_media":0,"parent":0,"menu_order":0,"comment_status":"closed","ping_status":"closed","template":"","meta":{"_acf_changed":false,"footnotes":""},"categories":[],"tags":[],"class_list":["post-31605","page","type-page","status-publish","hentry"],"acf":[],"yoast_head":"<!-- This site is optimized with the Yoast SEO plugin v28.2 - https:\/\/yoast.com\/product\/yoast-seo-wordpress\/ -->\n<title>Documentos para tramitar la Especialidad - Colegio De Veterinarios De Santa Fe 2da. Circunscripci\u00f3n<\/title>\n<meta name=\"description\" content=\"01 Objetivos Reconocer la capacitaci\u00f3n adquirida por del m\u00e9dico veterinario en la pr\u00e1ctica profesional, ya sea por capacitaci\u00f3n como por idoneidad.\" \/>\n<meta name=\"robots\" content=\"index, follow, max-snippet:-1, max-image-preview:large, max-video-preview:-1\" \/>\n<link rel=\"canonical\" href=\"https:\/\/cmvsf2.org\/web\/documentos-para-tramitar-la-especialidad\/\" \/>\n<meta property=\"og:locale\" content=\"es_ES\" \/>\n<meta property=\"og:type\" content=\"article\" \/>\n<meta property=\"og:title\" content=\"Documentos para tramitar la Especialidad - Colegio De Veterinarios De Santa Fe 2da. Circunscripci\u00f3n\" \/>\n<meta property=\"og:description\" content=\"01 Objetivos Reconocer la capacitaci\u00f3n adquirida por del m\u00e9dico veterinario en la pr\u00e1ctica profesional, ya sea por capacitaci\u00f3n como por idoneidad.\" \/>\n<meta property=\"og:url\" content=\"https:\/\/cmvsf2.org\/web\/documentos-para-tramitar-la-especialidad\/\" \/>\n<meta property=\"og:site_name\" content=\"Colegio De Veterinarios De Santa Fe 2da. Circunscripci\u00f3n\" \/>\n<meta property=\"article:modified_time\" content=\"2026-08-03T23:57:31+00:00\" \/>\n<meta property=\"og:image\" content=\"https:\/\/cmvsf2.org\/web\/wp-content\/uploads\/2020\/09\/logo.png\" \/>\n\t<meta property=\"og:image:width\" content=\"441\" \/>\n\t<meta property=\"og:image:height\" content=\"100\" \/>\n\t<meta property=\"og:image:type\" content=\"image\/png\" \/>\n<meta name=\"twitter:card\" content=\"summary_large_image\" \/>\n<meta name=\"twitter:label1\" content=\"Tiempo de lectura\" \/>\n\t<meta name=\"twitter:data1\" content=\"1 minuto\" \/>\n<script type=\"application\/ld+json\" class=\"yoast-schema-graph\">{\"@context\":\"https:\\\/\\\/schema.org\",\"@graph\":[{\"@type\":\"WebPage\",\"@id\":\"https:\\\/\\\/cmvsf2.org\\\/web\\\/documentos-para-tramitar-la-especialidad\\\/\",\"url\":\"https:\\\/\\\/cmvsf2.org\\\/web\\\/documentos-para-tramitar-la-especialidad\\\/\",\"name\":\"Documentos para tramitar la Especialidad - Colegio De Veterinarios De Santa Fe 2da. Circunscripci\u00f3n\",\"isPartOf\":{\"@id\":\"https:\\\/\\\/cmvsf2.org\\\/web\\\/#website\"},\"datePublished\":\"2021-03-29T11:51:41+00:00\",\"dateModified\":\"2026-08-03T23:57:31+00:00\",\"description\":\"01 Objetivos Reconocer la capacitaci\u00f3n adquirida por del m\u00e9dico veterinario en la pr\u00e1ctica profesional, ya sea por capacitaci\u00f3n como por idoneidad.\",\"breadcrumb\":{\"@id\":\"https:\\\/\\\/cmvsf2.org\\\/web\\\/documentos-para-tramitar-la-especialidad\\\/#breadcrumb\"},\"inLanguage\":\"es\",\"potentialAction\":[{\"@type\":\"ReadAction\",\"target\":[\"https:\\\/\\\/cmvsf2.org\\\/web\\\/documentos-para-tramitar-la-especialidad\\\/\"]}]},{\"@type\":\"BreadcrumbList\",\"@id\":\"https:\\\/\\\/cmvsf2.org\\\/web\\\/documentos-para-tramitar-la-especialidad\\\/#breadcrumb\",\"itemListElement\":[{\"@type\":\"ListItem\",\"position\":1,\"name\":\"Portada\",\"item\":\"https:\\\/\\\/cmvsf2.org\\\/web\\\/\"},{\"@type\":\"ListItem\",\"position\":2,\"name\":\"Documentos para tramitar la Especialidad\"}]},{\"@type\":\"WebSite\",\"@id\":\"https:\\\/\\\/cmvsf2.org\\\/web\\\/#website\",\"url\":\"https:\\\/\\\/cmvsf2.org\\\/web\\\/\",\"name\":\"Colegio De Veterinarios De Santa Fe 2da. Circunscripci\u00f3n\",\"description\":\"Sitio institucional del Colegio de M\u00e9dicos Veterinario de Santa Fe 2da. Circunscripci\u00f3n\",\"publisher\":{\"@id\":\"https:\\\/\\\/cmvsf2.org\\\/web\\\/#organization\"},\"potentialAction\":[{\"@type\":\"SearchAction\",\"target\":{\"@type\":\"EntryPoint\",\"urlTemplate\":\"https:\\\/\\\/cmvsf2.org\\\/web\\\/?s={search_term_string}\"},\"query-input\":{\"@type\":\"PropertyValueSpecification\",\"valueRequired\":true,\"valueName\":\"search_term_string\"}}],\"inLanguage\":\"es\"},{\"@type\":\"Organization\",\"@id\":\"https:\\\/\\\/cmvsf2.org\\\/web\\\/#organization\",\"name\":\"Colegio De Veterinarios De Santa Fe 2da. Circunscripci\u00f3n\",\"url\":\"https:\\\/\\\/cmvsf2.org\\\/web\\\/\",\"logo\":{\"@type\":\"ImageObject\",\"inLanguage\":\"es\",\"@id\":\"https:\\\/\\\/cmvsf2.org\\\/web\\\/#\\\/schema\\\/logo\\\/image\\\/\",\"url\":\"http:\\\/\\\/cmvsf2.org\\\/web\\\/wp-content\\\/uploads\\\/2020\\\/03\\\/vector-logo-02.png\",\"contentUrl\":\"http:\\\/\\\/cmvsf2.org\\\/web\\\/wp-content\\\/uploads\\\/2020\\\/03\\\/vector-logo-02.png\",\"width\":2750,\"height\":642,\"caption\":\"Colegio De Veterinarios De Santa Fe 2da. Circunscripci\u00f3n\"},\"image\":{\"@id\":\"https:\\\/\\\/cmvsf2.org\\\/web\\\/#\\\/schema\\\/logo\\\/image\\\/\"}}]}<\/script>\n<!-- \/ Yoast SEO plugin. -->","yoast_head_json":{"title":"Documentos para tramitar la Especialidad - Colegio De Veterinarios De Santa Fe 2da. Circunscripci\u00f3n","description":"01 Objetivos Reconocer la capacitaci\u00f3n adquirida por del m\u00e9dico veterinario en la pr\u00e1ctica profesional, ya sea por capacitaci\u00f3n como por idoneidad.","robots":{"index":"index","follow":"follow","max-snippet":"max-snippet:-1","max-image-preview":"max-image-preview:large","max-video-preview":"max-video-preview:-1"},"canonical":"https:\/\/cmvsf2.org\/web\/documentos-para-tramitar-la-especialidad\/","og_locale":"es_ES","og_type":"article","og_title":"Documentos para tramitar la Especialidad - Colegio De Veterinarios De Santa Fe 2da. Circunscripci\u00f3n","og_description":"01 Objetivos Reconocer la capacitaci\u00f3n adquirida por del m\u00e9dico veterinario en la pr\u00e1ctica profesional, ya sea por capacitaci\u00f3n como por idoneidad.","og_url":"https:\/\/cmvsf2.org\/web\/documentos-para-tramitar-la-especialidad\/","og_site_name":"Colegio De Veterinarios De Santa Fe 2da. Circunscripci\u00f3n","article_modified_time":"2026-08-03T23:57:31+00:00","og_image":[{"width":441,"height":100,"url":"https:\/\/cmvsf2.org\/web\/wp-content\/uploads\/2020\/09\/logo.png","type":"image\/png"}],"twitter_card":"summary_large_image","twitter_misc":{"Tiempo de lectura":"1 minuto"},"schema":{"@context":"https:\/\/schema.org","@graph":[{"@type":"WebPage","@id":"https:\/\/cmvsf2.org\/web\/documentos-para-tramitar-la-especialidad\/","url":"https:\/\/cmvsf2.org\/web\/documentos-para-tramitar-la-especialidad\/","name":"Documentos para tramitar la Especialidad - Colegio De Veterinarios De Santa Fe 2da. Circunscripci\u00f3n","isPartOf":{"@id":"https:\/\/cmvsf2.org\/web\/#website"},"datePublished":"2021-03-29T11:51:41+00:00","dateModified":"2026-08-03T23:57:31+00:00","description":"01 Objetivos Reconocer la capacitaci\u00f3n adquirida por del m\u00e9dico veterinario en la pr\u00e1ctica profesional, ya sea por capacitaci\u00f3n como por idoneidad.","breadcrumb":{"@id":"https:\/\/cmvsf2.org\/web\/documentos-para-tramitar-la-especialidad\/#breadcrumb"},"inLanguage":"es","potentialAction":[{"@type":"ReadAction","target":["https:\/\/cmvsf2.org\/web\/documentos-para-tramitar-la-especialidad\/"]}]},{"@type":"BreadcrumbList","@id":"https:\/\/cmvsf2.org\/web\/documentos-para-tramitar-la-especialidad\/#breadcrumb","itemListElement":[{"@type":"ListItem","position":1,"name":"Portada","item":"https:\/\/cmvsf2.org\/web\/"},{"@type":"ListItem","position":2,"name":"Documentos para tramitar la Especialidad"}]},{"@type":"WebSite","@id":"https:\/\/cmvsf2.org\/web\/#website","url":"https:\/\/cmvsf2.org\/web\/","name":"Colegio De Veterinarios De Santa Fe 2da. Circunscripci\u00f3n","description":"Sitio institucional del Colegio de M\u00e9dicos Veterinario de Santa Fe 2da. Circunscripci\u00f3n","publisher":{"@id":"https:\/\/cmvsf2.org\/web\/#organization"},"potentialAction":[{"@type":"SearchAction","target":{"@type":"EntryPoint","urlTemplate":"https:\/\/cmvsf2.org\/web\/?s={search_term_string}"},"query-input":{"@type":"PropertyValueSpecification","valueRequired":true,"valueName":"search_term_string"}}],"inLanguage":"es"},{"@type":"Organization","@id":"https:\/\/cmvsf2.org\/web\/#organization","name":"Colegio De Veterinarios De Santa Fe 2da. Circunscripci\u00f3n","url":"https:\/\/cmvsf2.org\/web\/","logo":{"@type":"ImageObject","inLanguage":"es","@id":"https:\/\/cmvsf2.org\/web\/#\/schema\/logo\/image\/","url":"http:\/\/cmvsf2.org\/web\/wp-content\/uploads\/2020\/03\/vector-logo-02.png","contentUrl":"http:\/\/cmvsf2.org\/web\/wp-content\/uploads\/2020\/03\/vector-logo-02.png","width":2750,"height":642,"caption":"Colegio De Veterinarios De Santa Fe 2da. Circunscripci\u00f3n"},"image":{"@id":"https:\/\/cmvsf2.org\/web\/#\/schema\/logo\/image\/"}}]}},"_links":{"self":[{"href":"https:\/\/cmvsf2.org\/web\/wp-json\/wp\/v2\/pages\/31605","targetHints":{"allow":["GET"]}}],"collection":[{"href":"https:\/\/cmvsf2.org\/web\/wp-json\/wp\/v2\/pages"}],"about":[{"href":"https:\/\/cmvsf2.org\/web\/wp-json\/wp\/v2\/types\/page"}],"author":[{"embeddable":true,"href":"https:\/\/cmvsf2.org\/web\/wp-json\/wp\/v2\/users\/3"}],"replies":[{"embeddable":true,"href":"https:\/\/cmvsf2.org\/web\/wp-json\/wp\/v2\/comments?post=31605"}],"version-history":[{"count":20,"href":"https:\/\/cmvsf2.org\/web\/wp-json\/wp\/v2\/pages\/31605\/revisions"}],"predecessor-version":[{"id":35669,"href":"https:\/\/cmvsf2.org\/web\/wp-json\/wp\/v2\/pages\/31605\/revisions\/35669"}],"wp:attachment":[{"href":"https:\/\/cmvsf2.org\/web\/wp-json\/wp\/v2\/media?parent=31605"}],"wp:term":[{"taxonomy":"category","embeddable":true,"href":"https:\/\/cmvsf2.org\/web\/wp-json\/wp\/v2\/categories?post=31605"},{"taxonomy":"post_tag","embeddable":true,"href":"https:\/\/cmvsf2.org\/web\/wp-json\/wp\/v2\/tags?post=31605"}],"curies":[{"name":"wp","href":"https:\/\/api.w.org\/{rel}","templated":true}]}}