{"id":30885,"date":"2020-08-07T14:37:11","date_gmt":"2020-08-07T14:37:11","guid":{"rendered":"http:\/\/cmvsf2.org\/web\/?page_id=30885"},"modified":"2020-08-11T17:26:03","modified_gmt":"2020-08-11T17:26:03","slug":"genero","status":"publish","type":"page","link":"https:\/\/cmvsf2.org\/web\/genero\/","title":{"rendered":"G\u00e9nero"},"content":{"rendered":"<div class=\"wpb-content-wrapper\"><p>[vc_row el_class=\u00bbalturafija\u00bb][vc_column width=\u00bb1\/2&#8243;][vc_column_text]La subcomisi\u00f3n de G\u00e9nero del CMVSF2 es un espacio horizontal de formaci\u00f3n, visibilizaci\u00f3n, difusi\u00f3n y acompa\u00f1amiento de situaciones de discriminaci\u00f3n y\/o violencia por razones de sexo y\/o g\u00e9nero, identidad de g\u00e9nero, expresi\u00f3n de g\u00e9nero y orientaci\u00f3n sexual.[\/vc_column_text][vc_custom_heading text=\u00bbObjetivos\u00bb font_container=\u00bbtag:h1|text_align:left\u00bb el_class=\u00bbtitulos deco\u00bb][vc_column_text]<\/p>\n<ul>\n<li>La creaci\u00f3n de un espacio de atenci\u00f3n y acompa\u00f1amiento en el Colegio de M\u00e9dicos\/as Veterinarios\/as.<\/li>\n<li>La articulaci\u00f3n con la Facultad de Ciencias Veterinarias para colaborar en la elaboraci\u00f3n de un protocolo y un \u00e1rea de atenci\u00f3n ante situaciones de discriminaci\u00f3n y\/o violencia por razones de g\u00e9nero.<\/li>\n<li>La elaboraci\u00f3n de un observatorio donde se releven y difundan datos en cuanto a la situaci\u00f3n actual e hist\u00f3rica de las mujeres en la profesi\u00f3n, en la universidad y en la sociedad en general.<\/li>\n<li>La formaci\u00f3n continua, mediante charlas y talleres de capacitaci\u00f3n y sensibilizaci\u00f3n (internas y abiertas a la comunidad en general).<\/li>\n<li>La articulaci\u00f3n con \u00e1reas similares de otros colegios profesionales.<\/li>\n<li>La visibilizaci\u00f3n de los distintos tipos de discriminaci\u00f3n y\/o violencia por razones de g\u00e9nero en el \u00e1mbito profesional.<\/li>\n<\/ul>\n<p>[\/vc_column_text][\/vc_column][vc_column width=\u00bb1\/2&#8243; el_class=\u00bbmenosalto\u00bb][vc_media_grid element_width=\u00bb6&#8243; grid_id=\u00bbvc_gid:1597166724746-7ae41beb-4bb8-7&#8243; include=\u00bb30896,30897,30898,30899&#8243;][\/vc_column][\/vc_row][vc_row][vc_column][vc_custom_heading text=\u00bbNoticias\u00bb font_container=\u00bbtag:h1|text_align:left\u00bb el_class=\u00bbtitulos deco\u00bb css=\u00bb.vc_custom_1597162060034{padding-bottom: 30px !important;}\u00bb]<div  class=\"jblog_postblock_4 jeg_postblock jeg_pagination_loadmore jeg_module___6a9baf4a7ea0e   \" data-unique=\"jeg_module___6a9baf4a7ea0e\"><div class=\"jeg_block_container\"><div class=\"jeg_posts jblog_ajax_flag\">\n                <article class=\"jeg_post post-33383 post type-post status-publish format-standard has-post-thumbnail hentry category-destacada category-formacion category-genero tag-genero tag-taller-autodefensa\">\n                <div class=\"jeg_thumb\">\n                    \n                    <a href=\"https:\/\/cmvsf2.org\/web\/2022\/11\/18\/ultimo-taller-de-autodefensa-del-ano\/\"><div class=\"thumbnail-container  size-800\"><img decoding=\"async\"   src=\"http:\/\/cmvsf2.org\/web\/wp-content\/uploads\/2022\/11\/WhatsApp-Image-2022-11-03-at-17.54.39.jpeg\" class=\"attachment-jeg-370x296 size-jeg-370x296 wp-post-image\" alt=\"\" sizes=\"(max-width: px) 100vw, px\" \/><\/div><\/a>\n                <\/div>\n                <div class=\"jeg_postblock_content\">\n                \t<div class=\"jeg_post_category\">\n                        <span><a href=\"https:\/\/cmvsf2.org\/web\/category\/destacada\/\" class=\"category-destacada\">Destacada<\/a><\/span>\n                    <\/div>\n                    <h3 class=\"jeg_post_title\">\n                        <a href=\"https:\/\/cmvsf2.org\/web\/2022\/11\/18\/ultimo-taller-de-autodefensa-del-ano\/\">\u00daltimo taller de autodefensa del a\u00f1o<\/a>\n                    <\/h3>\n                    <div class=\"jeg_post_meta\"><div class=\"jeg_meta_author\"><span class=\"by\">by<\/span> <a href=\"https:\/\/cmvsf2.org\/web\/author\/cmvsf2\/\">cmvsf2<\/a><\/div><div class=\"jeg_meta_date\">18 noviembre 2022<\/div><\/div>\n                <\/div>\n            <\/article><article class=\"jeg_post post-33277 post type-post status-publish format-standard has-post-thumbnail hentry category-destacada category-formacion category-genero tag-autodefensa tag-genero\">\n                <div class=\"jeg_thumb\">\n                    \n                    <a href=\"https:\/\/cmvsf2.org\/web\/2022\/10\/24\/nuevo-taller-de-autodefensa-para-mujeres\/\"><div class=\"thumbnail-container  size-800\"><img decoding=\"async\"   src=\"http:\/\/cmvsf2.org\/web\/wp-content\/uploads\/2022\/10\/WhatsApp-Image-2022-08-23-at-9.02.10-AM.jpeg\" class=\"attachment-jeg-370x296 size-jeg-370x296 wp-post-image\" alt=\"\" sizes=\"(max-width: px) 100vw, px\" \/><\/div><\/a>\n                <\/div>\n                <div class=\"jeg_postblock_content\">\n                \t<div class=\"jeg_post_category\">\n                        <span><a href=\"https:\/\/cmvsf2.org\/web\/category\/destacada\/\" class=\"category-destacada\">Destacada<\/a><\/span>\n                    <\/div>\n                    <h3 class=\"jeg_post_title\">\n                        <a href=\"https:\/\/cmvsf2.org\/web\/2022\/10\/24\/nuevo-taller-de-autodefensa-para-mujeres\/\">Nuevo taller de Autodefensa para Mujeres<\/a>\n                    <\/h3>\n                    <div class=\"jeg_post_meta\"><div class=\"jeg_meta_author\"><span class=\"by\">by<\/span> <a href=\"https:\/\/cmvsf2.org\/web\/author\/cmvsf2\/\">cmvsf2<\/a><\/div><div class=\"jeg_meta_date\">24 octubre 2022<\/div><\/div>\n                <\/div>\n            <\/article><article class=\"jeg_post post-33245 post type-post status-publish format-standard has-post-thumbnail hentry category-destacada category-formacion category-genero tag-autodefensa tag-mujeres tag-taller\">\n                <div class=\"jeg_thumb\">\n                    \n                    <a href=\"https:\/\/cmvsf2.org\/web\/2022\/09\/26\/cuarto-taller-de-autodefensa-para-mujeres\/\"><div class=\"thumbnail-container  size-800\"><img decoding=\"async\"   src=\"http:\/\/cmvsf2.org\/web\/wp-content\/uploads\/2022\/09\/WhatsApp-Image-2022-08-23-at-8.58.16-AM.jpeg\" class=\"attachment-jeg-370x296 size-jeg-370x296 wp-post-image\" alt=\"\" sizes=\"(max-width: px) 100vw, px\" \/><\/div><\/a>\n                <\/div>\n                <div class=\"jeg_postblock_content\">\n                \t<div class=\"jeg_post_category\">\n                        <span><a href=\"https:\/\/cmvsf2.org\/web\/category\/destacada\/\" class=\"category-destacada\">Destacada<\/a><\/span>\n                    <\/div>\n                    <h3 class=\"jeg_post_title\">\n                        <a href=\"https:\/\/cmvsf2.org\/web\/2022\/09\/26\/cuarto-taller-de-autodefensa-para-mujeres\/\">Cuarto Taller de Autodefensa para Mujeres<\/a>\n                    <\/h3>\n                    <div class=\"jeg_post_meta\"><div class=\"jeg_meta_author\"><span class=\"by\">by<\/span> <a href=\"https:\/\/cmvsf2.org\/web\/author\/cmvsf2\/\">cmvsf2<\/a><\/div><div class=\"jeg_meta_date\">26 septiembre 2022<\/div><\/div>\n                <\/div>\n            <\/article><article class=\"jeg_post post-33108 post type-post status-publish format-standard has-post-thumbnail hentry category-destacada category-genero tag-autodefensa tag-mujeres tag-taller\">\n                <div class=\"jeg_thumb\">\n                    \n                    <a href=\"https:\/\/cmvsf2.org\/web\/2022\/08\/10\/nueva-edicion-del-taller-de-autodefensa-para-mujeres\/\"><div class=\"thumbnail-container  size-800\"><img decoding=\"async\"   src=\"http:\/\/cmvsf2.org\/web\/wp-content\/uploads\/2022\/08\/mujer-autodefensa-para-web.jpg\" class=\"attachment-jeg-370x296 size-jeg-370x296 wp-post-image\" alt=\"Portrait of confident female boxer performing boxing stance in fitness studio\" sizes=\"(max-width: px) 100vw, px\" \/><\/div><\/a>\n                <\/div>\n                <div class=\"jeg_postblock_content\">\n                \t<div class=\"jeg_post_category\">\n                        <span><a href=\"https:\/\/cmvsf2.org\/web\/category\/destacada\/\" class=\"category-destacada\">Destacada<\/a><\/span>\n                    <\/div>\n                    <h3 class=\"jeg_post_title\">\n                        <a href=\"https:\/\/cmvsf2.org\/web\/2022\/08\/10\/nueva-edicion-del-taller-de-autodefensa-para-mujeres\/\">Nueva edici\u00f3n del Taller de Autodefensa para Mujeres<\/a>\n                    <\/h3>\n                    <div class=\"jeg_post_meta\"><div class=\"jeg_meta_author\"><span class=\"by\">by<\/span> <a href=\"https:\/\/cmvsf2.org\/web\/author\/cmvsf2\/\">cmvsf2<\/a><\/div><div class=\"jeg_meta_date\">10 agosto 2022<\/div><\/div>\n                <\/div>\n            <\/article><article class=\"jeg_post post-32486 post type-post status-publish format-standard has-post-thumbnail hentry category-destacada category-genero tag-autodefensa tag-mujeres tag-taller\">\n                <div class=\"jeg_thumb\">\n                    \n                    <a href=\"https:\/\/cmvsf2.org\/web\/2022\/04\/19\/taller-de-autodefensa-para-mujeres\/\"><div class=\"thumbnail-container  size-800\"><img decoding=\"async\"   src=\"http:\/\/cmvsf2.org\/web\/wp-content\/uploads\/2022\/04\/WhatsApp-Image-2022-01-14-at-17.07.01.jpeg\" class=\"attachment-jeg-370x296 size-jeg-370x296 wp-post-image\" alt=\"\" sizes=\"(max-width: px) 100vw, px\" \/><\/div><\/a>\n                <\/div>\n                <div class=\"jeg_postblock_content\">\n                \t<div class=\"jeg_post_category\">\n                        <span><a href=\"https:\/\/cmvsf2.org\/web\/category\/destacada\/\" class=\"category-destacada\">Destacada<\/a><\/span>\n                    <\/div>\n                    <h3 class=\"jeg_post_title\">\n                        <a href=\"https:\/\/cmvsf2.org\/web\/2022\/04\/19\/taller-de-autodefensa-para-mujeres\/\">Taller de autodefensa para mujeres<\/a>\n                    <\/h3>\n                    <div class=\"jeg_post_meta\"><div class=\"jeg_meta_author\"><span class=\"by\">by<\/span> <a href=\"https:\/\/cmvsf2.org\/web\/author\/cmvsf2\/\">cmvsf2<\/a><\/div><div class=\"jeg_meta_date\">19 abril 2022<\/div><\/div>\n                <\/div>\n            <\/article><article class=\"jeg_post post-32005 post type-post status-publish format-standard has-post-thumbnail hentry category-genero tag-dedicacion-profesional tag-genero tag-mujeres\">\n                <div class=\"jeg_thumb\">\n                    \n                    <a href=\"https:\/\/cmvsf2.org\/web\/2021\/11\/10\/la-subcomision-de-genero-informa-porcentaje-de-mujeres-en-cada-area-de-dedicacion-profesional\/\"><div class=\"thumbnail-container  size-800\"><img decoding=\"async\"   src=\"http:\/\/cmvsf2.org\/web\/wp-content\/uploads\/2021\/11\/VET-subcom-G\u00e9nero1.png\" class=\"attachment-jeg-370x296 size-jeg-370x296 wp-post-image\" alt=\"\" sizes=\"(max-width: px) 100vw, px\" \/><\/div><\/a>\n                <\/div>\n                <div class=\"jeg_postblock_content\">\n                \t<div class=\"jeg_post_category\">\n                        <span><a href=\"https:\/\/cmvsf2.org\/web\/category\/genero\/\" class=\"category-genero\">G\u00e9nero<\/a><\/span>\n                    <\/div>\n                    <h3 class=\"jeg_post_title\">\n                        <a href=\"https:\/\/cmvsf2.org\/web\/2021\/11\/10\/la-subcomision-de-genero-informa-porcentaje-de-mujeres-en-cada-area-de-dedicacion-profesional\/\">La subcomisi\u00f3n de G\u00e9nero informa: Porcentaje de mujeres en cada \u00e1rea de dedicaci\u00f3n profesional<\/a>\n                    <\/h3>\n                    <div class=\"jeg_post_meta\"><div class=\"jeg_meta_author\"><span class=\"by\">by<\/span> <a href=\"https:\/\/cmvsf2.org\/web\/author\/cmvsf2\/\">cmvsf2<\/a><\/div><div class=\"jeg_meta_date\">10 noviembre 2021<\/div><\/div>\n                <\/div>\n            <\/article>\n            <\/div><\/div>\n\t\t\t\t<div class=\"jeg_block_pagination jeg_align\"><div class=\"jeg_block_loadmore\"><a href=\"#\" data-load=\"Cargar M\u00e1s\" data-loading=\"Cargando...\"> Cargar M\u00e1s<\/a><\/div><\/div><script>var jeg_module___6a9baf4a7ea0e = {\"compatible_column_notice\":\"\",\"post_type\":\"post\",\"number_post\":\"6\",\"post_offset\":\"0\",\"unique_content\":\"disable\",\"include_post\":\"\",\"exclude_post\":\"\",\"include_category\":\"349\",\"exclude_category\":\"\",\"include_author\":\"\",\"include_tag\":\"\",\"exclude_tag\":\"\",\"post_tag\":\"\",\"organo\":\"\",\"portfolio_entries\":\"\",\"staff_entries\":\"\",\"testimonial_entries\":\"\",\"sort_by\":\"latest\",\"date_type\":\"published\",\"date_format\":\"default\",\"date_format_custom\":\"j F Y\",\"pagination_mode\":\"loadmore\",\"pagination_number_post\":\"6\",\"pagination_scroll_limit\":0,\"el_id\":\"\",\"el_class\":\"\",\"css\":\"\",\"paged\":1,\"class\":\"jblog_block_4\"};<\/script><\/div>[\/vc_column][\/vc_row]<\/p>\n<\/div>","protected":false},"excerpt":{"rendered":"<p>[vc_row el_class=\u00bbalturafija\u00bb][vc_column width=\u00bb1\/2&#8243;][vc_column_text]La subcomisi\u00f3n de G\u00e9nero del CMVSF2 es un espacio horizontal de formaci\u00f3n, visibilizaci\u00f3n, difusi\u00f3n y acompa\u00f1amiento de situaciones de discriminaci\u00f3n y\/o violencia por razones de sexo y\/o g\u00e9nero, identidad de g\u00e9nero, expresi\u00f3n de g\u00e9nero y orientaci\u00f3n sexual.[\/vc_column_text][vc_custom_heading text=\u00bbObjetivos\u00bb font_container=\u00bbtag:h1|text_align:left\u00bb el_class=\u00bbtitulos deco\u00bb][vc_column_text] La creaci\u00f3n de un espacio de atenci\u00f3n y acompa\u00f1amiento en el Colegio de M\u00e9dicos\/as Veterinarios\/as. La articulaci\u00f3n con la Facultad de [&hellip;]<\/p>\n","protected":false},"author":1,"featured_media":0,"parent":0,"menu_order":0,"comment_status":"closed","ping_status":"closed","template":"","meta":{"_acf_changed":false,"footnotes":""},"categories":[],"tags":[],"class_list":["post-30885","page","type-page","status-publish","hentry"],"acf":[],"yoast_head":"<!-- This site is optimized with the Yoast SEO plugin v28.2 - https:\/\/yoast.com\/product\/yoast-seo-wordpress\/ -->\n<title>G\u00e9nero - Colegio De Veterinarios De Santa Fe 2da. Circunscripci\u00f3n<\/title>\n<meta name=\"description\" content=\"La subcomisi\u00f3n de G\u00e9nero del CMVSF2 es un espacio horizontal de formaci\u00f3n, visibilizaci\u00f3n, difusi\u00f3n y acompa\u00f1amiento de situaciones de discriminaci\u00f3n y\/o\" \/>\n<meta name=\"robots\" content=\"index, follow, max-snippet:-1, max-image-preview:large, max-video-preview:-1\" \/>\n<link rel=\"canonical\" href=\"https:\/\/cmvsf2.org\/web\/genero\/\" \/>\n<meta property=\"og:locale\" content=\"es_ES\" \/>\n<meta property=\"og:type\" content=\"article\" \/>\n<meta property=\"og:title\" content=\"G\u00e9nero - Colegio De Veterinarios De Santa Fe 2da. Circunscripci\u00f3n\" \/>\n<meta property=\"og:description\" content=\"La subcomisi\u00f3n de G\u00e9nero del CMVSF2 es un espacio horizontal de formaci\u00f3n, visibilizaci\u00f3n, difusi\u00f3n y acompa\u00f1amiento de situaciones de discriminaci\u00f3n y\/o\" \/>\n<meta property=\"og:url\" content=\"https:\/\/cmvsf2.org\/web\/genero\/\" \/>\n<meta property=\"og:site_name\" content=\"Colegio De Veterinarios De Santa Fe 2da. Circunscripci\u00f3n\" \/>\n<meta property=\"article:modified_time\" content=\"2020-08-11T17:26:03+00:00\" \/>\n<meta property=\"og:image\" content=\"https:\/\/cmvsf2.org\/web\/wp-content\/uploads\/2020\/09\/logo.png\" \/>\n\t<meta property=\"og:image:width\" content=\"441\" \/>\n\t<meta property=\"og:image:height\" content=\"100\" \/>\n\t<meta property=\"og:image:type\" content=\"image\/png\" \/>\n<meta name=\"twitter:card\" content=\"summary_large_image\" \/>\n<meta name=\"twitter:label1\" content=\"Tiempo de lectura\" \/>\n\t<meta name=\"twitter:data1\" content=\"2 minutos\" \/>\n<script type=\"application\/ld+json\" class=\"yoast-schema-graph\">{\"@context\":\"https:\\\/\\\/schema.org\",\"@graph\":[{\"@type\":\"WebPage\",\"@id\":\"https:\\\/\\\/cmvsf2.org\\\/web\\\/genero\\\/\",\"url\":\"https:\\\/\\\/cmvsf2.org\\\/web\\\/genero\\\/\",\"name\":\"G\u00e9nero - Colegio De Veterinarios De Santa Fe 2da. Circunscripci\u00f3n\",\"isPartOf\":{\"@id\":\"https:\\\/\\\/cmvsf2.org\\\/web\\\/#website\"},\"datePublished\":\"2020-08-07T14:37:11+00:00\",\"dateModified\":\"2020-08-11T17:26:03+00:00\",\"description\":\"La subcomisi\u00f3n de G\u00e9nero del CMVSF2 es un espacio horizontal de formaci\u00f3n, visibilizaci\u00f3n, difusi\u00f3n y acompa\u00f1amiento de situaciones de discriminaci\u00f3n y\\\/o\",\"breadcrumb\":{\"@id\":\"https:\\\/\\\/cmvsf2.org\\\/web\\\/genero\\\/#breadcrumb\"},\"inLanguage\":\"es\",\"potentialAction\":[{\"@type\":\"ReadAction\",\"target\":[\"https:\\\/\\\/cmvsf2.org\\\/web\\\/genero\\\/\"]}]},{\"@type\":\"BreadcrumbList\",\"@id\":\"https:\\\/\\\/cmvsf2.org\\\/web\\\/genero\\\/#breadcrumb\",\"itemListElement\":[{\"@type\":\"ListItem\",\"position\":1,\"name\":\"Portada\",\"item\":\"https:\\\/\\\/cmvsf2.org\\\/web\\\/\"},{\"@type\":\"ListItem\",\"position\":2,\"name\":\"G\u00e9nero\"}]},{\"@type\":\"WebSite\",\"@id\":\"https:\\\/\\\/cmvsf2.org\\\/web\\\/#website\",\"url\":\"https:\\\/\\\/cmvsf2.org\\\/web\\\/\",\"name\":\"Colegio De Veterinarios De Santa Fe 2da. Circunscripci\u00f3n\",\"description\":\"Sitio institucional del Colegio de M\u00e9dicos Veterinario de Santa Fe 2da. Circunscripci\u00f3n\",\"publisher\":{\"@id\":\"https:\\\/\\\/cmvsf2.org\\\/web\\\/#organization\"},\"potentialAction\":[{\"@type\":\"SearchAction\",\"target\":{\"@type\":\"EntryPoint\",\"urlTemplate\":\"https:\\\/\\\/cmvsf2.org\\\/web\\\/?s={search_term_string}\"},\"query-input\":{\"@type\":\"PropertyValueSpecification\",\"valueRequired\":true,\"valueName\":\"search_term_string\"}}],\"inLanguage\":\"es\"},{\"@type\":\"Organization\",\"@id\":\"https:\\\/\\\/cmvsf2.org\\\/web\\\/#organization\",\"name\":\"Colegio De Veterinarios De Santa Fe 2da. Circunscripci\u00f3n\",\"url\":\"https:\\\/\\\/cmvsf2.org\\\/web\\\/\",\"logo\":{\"@type\":\"ImageObject\",\"inLanguage\":\"es\",\"@id\":\"https:\\\/\\\/cmvsf2.org\\\/web\\\/#\\\/schema\\\/logo\\\/image\\\/\",\"url\":\"http:\\\/\\\/cmvsf2.org\\\/web\\\/wp-content\\\/uploads\\\/2020\\\/03\\\/vector-logo-02.png\",\"contentUrl\":\"http:\\\/\\\/cmvsf2.org\\\/web\\\/wp-content\\\/uploads\\\/2020\\\/03\\\/vector-logo-02.png\",\"width\":2750,\"height\":642,\"caption\":\"Colegio De Veterinarios De Santa Fe 2da. Circunscripci\u00f3n\"},\"image\":{\"@id\":\"https:\\\/\\\/cmvsf2.org\\\/web\\\/#\\\/schema\\\/logo\\\/image\\\/\"}}]}<\/script>\n<!-- \/ Yoast SEO plugin. -->","yoast_head_json":{"title":"G\u00e9nero - Colegio De Veterinarios De Santa Fe 2da. Circunscripci\u00f3n","description":"La subcomisi\u00f3n de G\u00e9nero del CMVSF2 es un espacio horizontal de formaci\u00f3n, visibilizaci\u00f3n, difusi\u00f3n y acompa\u00f1amiento de situaciones de discriminaci\u00f3n y\/o","robots":{"index":"index","follow":"follow","max-snippet":"max-snippet:-1","max-image-preview":"max-image-preview:large","max-video-preview":"max-video-preview:-1"},"canonical":"https:\/\/cmvsf2.org\/web\/genero\/","og_locale":"es_ES","og_type":"article","og_title":"G\u00e9nero - Colegio De Veterinarios De Santa Fe 2da. Circunscripci\u00f3n","og_description":"La subcomisi\u00f3n de G\u00e9nero del CMVSF2 es un espacio horizontal de formaci\u00f3n, visibilizaci\u00f3n, difusi\u00f3n y acompa\u00f1amiento de situaciones de discriminaci\u00f3n y\/o","og_url":"https:\/\/cmvsf2.org\/web\/genero\/","og_site_name":"Colegio De Veterinarios De Santa Fe 2da. Circunscripci\u00f3n","article_modified_time":"2020-08-11T17:26:03+00:00","og_image":[{"width":441,"height":100,"url":"https:\/\/cmvsf2.org\/web\/wp-content\/uploads\/2020\/09\/logo.png","type":"image\/png"}],"twitter_card":"summary_large_image","twitter_misc":{"Tiempo de lectura":"2 minutos"},"schema":{"@context":"https:\/\/schema.org","@graph":[{"@type":"WebPage","@id":"https:\/\/cmvsf2.org\/web\/genero\/","url":"https:\/\/cmvsf2.org\/web\/genero\/","name":"G\u00e9nero - Colegio De Veterinarios De Santa Fe 2da. Circunscripci\u00f3n","isPartOf":{"@id":"https:\/\/cmvsf2.org\/web\/#website"},"datePublished":"2020-08-07T14:37:11+00:00","dateModified":"2020-08-11T17:26:03+00:00","description":"La subcomisi\u00f3n de G\u00e9nero del CMVSF2 es un espacio horizontal de formaci\u00f3n, visibilizaci\u00f3n, difusi\u00f3n y acompa\u00f1amiento de situaciones de discriminaci\u00f3n y\/o","breadcrumb":{"@id":"https:\/\/cmvsf2.org\/web\/genero\/#breadcrumb"},"inLanguage":"es","potentialAction":[{"@type":"ReadAction","target":["https:\/\/cmvsf2.org\/web\/genero\/"]}]},{"@type":"BreadcrumbList","@id":"https:\/\/cmvsf2.org\/web\/genero\/#breadcrumb","itemListElement":[{"@type":"ListItem","position":1,"name":"Portada","item":"https:\/\/cmvsf2.org\/web\/"},{"@type":"ListItem","position":2,"name":"G\u00e9nero"}]},{"@type":"WebSite","@id":"https:\/\/cmvsf2.org\/web\/#website","url":"https:\/\/cmvsf2.org\/web\/","name":"Colegio De Veterinarios De Santa Fe 2da. Circunscripci\u00f3n","description":"Sitio institucional del Colegio de M\u00e9dicos Veterinario de Santa Fe 2da. Circunscripci\u00f3n","publisher":{"@id":"https:\/\/cmvsf2.org\/web\/#organization"},"potentialAction":[{"@type":"SearchAction","target":{"@type":"EntryPoint","urlTemplate":"https:\/\/cmvsf2.org\/web\/?s={search_term_string}"},"query-input":{"@type":"PropertyValueSpecification","valueRequired":true,"valueName":"search_term_string"}}],"inLanguage":"es"},{"@type":"Organization","@id":"https:\/\/cmvsf2.org\/web\/#organization","name":"Colegio De Veterinarios De Santa Fe 2da. Circunscripci\u00f3n","url":"https:\/\/cmvsf2.org\/web\/","logo":{"@type":"ImageObject","inLanguage":"es","@id":"https:\/\/cmvsf2.org\/web\/#\/schema\/logo\/image\/","url":"http:\/\/cmvsf2.org\/web\/wp-content\/uploads\/2020\/03\/vector-logo-02.png","contentUrl":"http:\/\/cmvsf2.org\/web\/wp-content\/uploads\/2020\/03\/vector-logo-02.png","width":2750,"height":642,"caption":"Colegio De Veterinarios De Santa Fe 2da. Circunscripci\u00f3n"},"image":{"@id":"https:\/\/cmvsf2.org\/web\/#\/schema\/logo\/image\/"}}]}},"_links":{"self":[{"href":"https:\/\/cmvsf2.org\/web\/wp-json\/wp\/v2\/pages\/30885","targetHints":{"allow":["GET"]}}],"collection":[{"href":"https:\/\/cmvsf2.org\/web\/wp-json\/wp\/v2\/pages"}],"about":[{"href":"https:\/\/cmvsf2.org\/web\/wp-json\/wp\/v2\/types\/page"}],"author":[{"embeddable":true,"href":"https:\/\/cmvsf2.org\/web\/wp-json\/wp\/v2\/users\/1"}],"replies":[{"embeddable":true,"href":"https:\/\/cmvsf2.org\/web\/wp-json\/wp\/v2\/comments?post=30885"}],"version-history":[{"count":5,"href":"https:\/\/cmvsf2.org\/web\/wp-json\/wp\/v2\/pages\/30885\/revisions"}],"predecessor-version":[{"id":30906,"href":"https:\/\/cmvsf2.org\/web\/wp-json\/wp\/v2\/pages\/30885\/revisions\/30906"}],"wp:attachment":[{"href":"https:\/\/cmvsf2.org\/web\/wp-json\/wp\/v2\/media?parent=30885"}],"wp:term":[{"taxonomy":"category","embeddable":true,"href":"https:\/\/cmvsf2.org\/web\/wp-json\/wp\/v2\/categories?post=30885"},{"taxonomy":"post_tag","embeddable":true,"href":"https:\/\/cmvsf2.org\/web\/wp-json\/wp\/v2\/tags?post=30885"}],"curies":[{"name":"wp","href":"https:\/\/api.w.org\/{rel}","templated":true}]}}